{"id":8102,"date":"2022-10-28T12:30:14","date_gmt":"2022-10-28T10:30:14","guid":{"rendered":"http:\/\/guideamadrid.com\/visitas-fuera-de-la-ciudad\/"},"modified":"2026-01-08T13:28:45","modified_gmt":"2026-01-08T11:28:45","slug":"visites-en-dehors-de-la-ville","status":"publish","type":"page","link":"https:\/\/guideamadrid.com\/fr\/visites-en-dehors-de-la-ville\/","title":{"rendered":"Visites en dehors de la ville"},"content":{"rendered":"\t\t<div data-elementor-type=\"wp-page\" data-elementor-id=\"8102\" class=\"elementor elementor-8102 elementor-7740\" data-elementor-post-type=\"page\">\n\t\t\t\t\t\t<section class=\"elementor-section elementor-top-section elementor-element elementor-element-83674ff elementor-reverse-tablet elementor-reverse-mobile elementor-section-height-min-height elementor-section-boxed elementor-section-height-default elementor-section-items-middle\" data-id=\"83674ff\" data-element_type=\"section\" data-settings=\"{&quot;background_background&quot;:&quot;classic&quot;}\">\n\t\t\t\t\t\t\t<div class=\"elementor-background-overlay\"><\/div>\n\t\t\t\t\t\t\t<div class=\"elementor-container elementor-column-gap-wider\">\n\t\t\t\t\t<div class=\"elementor-column elementor-col-100 elementor-top-column elementor-element elementor-element-5e1d616\" data-id=\"5e1d616\" data-element_type=\"column\">\n\t\t\t<div class=\"elementor-widget-wrap elementor-element-populated\">\n\t\t\t\t\t\t<div class=\"elementor-element elementor-element-7497314 elementor-widget elementor-widget-heading\" data-id=\"7497314\" data-element_type=\"widget\" data-widget_type=\"heading.default\">\n\t\t\t\t<div class=\"elementor-widget-container\">\n\t\t\t\t\t<h2 class=\"elementor-heading-title elementor-size-default\">Visites ou excursions en dehors de la ville<\/h2>\t\t\t\t<\/div>\n\t\t\t\t<\/div>\n\t\t\t\t<div class=\"elementor-element elementor-element-8088db6 elementor-widget elementor-widget-spacer\" data-id=\"8088db6\" data-element_type=\"widget\" data-widget_type=\"spacer.default\">\n\t\t\t\t<div class=\"elementor-widget-container\">\n\t\t\t\t\t\t\t<div class=\"elementor-spacer\">\n\t\t\t<div class=\"elementor-spacer-inner\"><\/div>\n\t\t<\/div>\n\t\t\t\t\t\t<\/div>\n\t\t\t\t<\/div>\n\t\t\t\t\t<\/div>\n\t\t<\/div>\n\t\t\t\t\t<\/div>\n\t\t<\/section>\n\t\t\t\t<section class=\"elementor-section elementor-top-section elementor-element elementor-element-5ec7eeb elementor-section-boxed elementor-section-height-default elementor-section-height-default\" data-id=\"5ec7eeb\" data-element_type=\"section\" data-settings=\"{&quot;background_background&quot;:&quot;classic&quot;}\">\n\t\t\t\t\t\t<div class=\"elementor-container elementor-column-gap-wider\">\n\t\t\t\t\t<div class=\"elementor-column elementor-col-100 elementor-top-column elementor-element elementor-element-339ad6a\" data-id=\"339ad6a\" data-element_type=\"column\">\n\t\t\t<div class=\"elementor-widget-wrap elementor-element-populated\">\n\t\t\t\t\t\t<div class=\"elementor-element elementor-element-02ead85 elementor-widget elementor-widget-text-editor\" data-id=\"02ead85\" data-element_type=\"widget\" data-widget_type=\"text-editor.default\">\n\t\t\t\t<div class=\"elementor-widget-container\">\n\t\t\t\t\t\t\t\t\t<h4>Visite d\u2019une demi-journ\u00e9e. Aller et retour dans la matin\u00e9e (5 heures maximum). Ou bien une visite d\u2019une journ\u00e9e compl\u00e8te (8 heures maximum).<\/h4><p>Dans le cadre de ces excursions, je vous aide et je vous informe de comment proc\u00e9der pour aller.<\/p>\t\t\t\t\t\t\t\t<\/div>\n\t\t\t\t<\/div>\n\t\t\t\t\t<\/div>\n\t\t<\/div>\n\t\t\t\t\t<\/div>\n\t\t<\/section>\n\t\t\t\t<section class=\"elementor-section elementor-top-section elementor-element elementor-element-926f933 elementor-section-boxed elementor-section-height-default elementor-section-height-default\" data-id=\"926f933\" data-element_type=\"section\" data-settings=\"{&quot;background_background&quot;:&quot;classic&quot;}\">\n\t\t\t\t\t\t<div class=\"elementor-container elementor-column-gap-wider\">\n\t\t\t\t\t<div class=\"elementor-column elementor-col-100 elementor-top-column elementor-element elementor-element-153d825\" data-id=\"153d825\" data-element_type=\"column\">\n\t\t\t<div class=\"elementor-widget-wrap elementor-element-populated\">\n\t\t\t\t\t\t<div class=\"elementor-element elementor-element-52b7be0 elementor-pagination-position-inside elementor-arrows-position-inside elementor-widget elementor-widget-image-carousel\" data-id=\"52b7be0\" data-element_type=\"widget\" data-settings=\"{&quot;slides_to_show&quot;:&quot;3&quot;,&quot;navigation&quot;:&quot;both&quot;,&quot;autoplay&quot;:&quot;yes&quot;,&quot;pause_on_hover&quot;:&quot;yes&quot;,&quot;pause_on_interaction&quot;:&quot;yes&quot;,&quot;autoplay_speed&quot;:5000,&quot;infinite&quot;:&quot;yes&quot;,&quot;speed&quot;:500}\" data-widget_type=\"image-carousel.default\">\n\t\t\t\t<div class=\"elementor-widget-container\">\n\t\t\t\t\t\t\t<div class=\"elementor-image-carousel-wrapper swiper\" role=\"region\" aria-roledescription=\"carousel\" aria-label=\"Carrusel de im\u00e1genes\" dir=\"ltr\">\n\t\t\t<div class=\"elementor-image-carousel swiper-wrapper\" aria-live=\"off\">\n\t\t\t\t\t\t\t\t<div class=\"swiper-slide\" role=\"group\" aria-roledescription=\"slide\" aria-label=\"1 sur 6\"><figure class=\"swiper-slide-inner\"><img decoding=\"async\" class=\"swiper-slide-image\" src=\"https:\/\/guideamadrid.com\/wp-content\/uploads\/2022\/11\/vila-muralla-mljxk50fs59cp1vwv7olojroao00rd620ncwk9qqgo.jpg\" alt=\"Muralla de \u00c1vila\" \/><\/figure><\/div><div class=\"swiper-slide\" role=\"group\" aria-roledescription=\"slide\" aria-label=\"2 sur 6\"><figure class=\"swiper-slide-inner\"><img decoding=\"async\" class=\"swiper-slide-image\" src=\"https:\/\/guideamadrid.com\/wp-content\/uploads\/2022\/11\/Alcala_de_Henares_-_Colegio_Mayor_de_San_Ildefonso_01-mljxjzden51mre43s58u9l6wqcrth6jnzvfzolz3i0.jpg\" alt=\"Alcal\u00e1 de Henares - Colegio Mayor de San Ildefonso\" \/><\/figure><\/div><div class=\"swiper-slide\" role=\"group\" aria-roledescription=\"slide\" aria-label=\"3 sur 6\"><figure class=\"swiper-slide-inner\"><img decoding=\"async\" class=\"swiper-slide-image\" src=\"https:\/\/guideamadrid.com\/wp-content\/uploads\/2022\/11\/Chinescos_-_Jardin_del_Principe_-_Aranjuez_-_panoramio-mljxjwjw2mxrsk878m0yk3wiy75pu38gzhhj8s3a0o.jpg\" alt=\"Jard\u00edn del Pr\u00edncipe en Aranjuez\" \/><\/figure><\/div><div class=\"swiper-slide\" role=\"group\" aria-roledescription=\"slide\" aria-label=\"4 sur 6\"><figure class=\"swiper-slide-inner\"><img decoding=\"async\" class=\"swiper-slide-image\" src=\"https:\/\/guideamadrid.com\/wp-content\/uploads\/2022\/11\/Toledo_Spain-mljxjssjbasmi4dnukega4uokno8zatjmyvlbo8upk.jpg\" alt=\"Toledo\" \/><\/figure><\/div><div class=\"swiper-slide\" role=\"group\" aria-roledescription=\"slide\" aria-label=\"5 sur 6\"><figure class=\"swiper-slide-inner\"><img decoding=\"async\" class=\"swiper-slide-image\" src=\"https:\/\/guideamadrid.com\/wp-content\/uploads\/2022\/11\/madrid-San-Lorenzo-de-El-Escorial-mljxjp16jynh7oj4giry05su746s4iemag9nekefeg.jpg\" alt=\"San Lorenzo de El Escorial\" \/><\/figure><\/div><div class=\"swiper-slide\" role=\"group\" aria-roledescription=\"slide\" aria-label=\"6 sur 6\"><figure class=\"swiper-slide-inner\"><img decoding=\"async\" class=\"swiper-slide-image\" src=\"https:\/\/guideamadrid.com\/wp-content\/uploads\/2022\/11\/Alcazar_de_Segovia_1-7-07-mljxjm7nzgjm8un7wzk2aoigeykohf3fa2b6yqilx4.jpg\" alt=\"Alc\u00e1zar de Segovia\" \/><\/figure><\/div>\t\t\t<\/div>\n\t\t\t\t\t\t\t\t\t\t\t\t<div class=\"elementor-swiper-button elementor-swiper-button-prev\" role=\"button\" tabindex=\"0\">\n\t\t\t\t\t\t<i aria-hidden=\"true\" class=\"eicon-chevron-left\"><\/i>\t\t\t\t\t<\/div>\n\t\t\t\t\t<div class=\"elementor-swiper-button elementor-swiper-button-next\" role=\"button\" tabindex=\"0\">\n\t\t\t\t\t\t<i aria-hidden=\"true\" class=\"eicon-chevron-right\"><\/i>\t\t\t\t\t<\/div>\n\t\t\t\t\n\t\t\t\t\t\t\t\t\t<div class=\"swiper-pagination\"><\/div>\n\t\t\t\t\t\t\t\t\t<\/div>\n\t\t\t\t\t\t<\/div>\n\t\t\t\t<\/div>\n\t\t\t\t<div class=\"elementor-element elementor-element-235f20c elementor-widget elementor-widget-spacer\" data-id=\"235f20c\" data-element_type=\"widget\" data-widget_type=\"spacer.default\">\n\t\t\t\t<div class=\"elementor-widget-container\">\n\t\t\t\t\t\t\t<div class=\"elementor-spacer\">\n\t\t\t<div class=\"elementor-spacer-inner\"><\/div>\n\t\t<\/div>\n\t\t\t\t\t\t<\/div>\n\t\t\t\t<\/div>\n\t\t\t\t\t<\/div>\n\t\t<\/div>\n\t\t\t\t\t<\/div>\n\t\t<\/section>\n\t\t\t\t<section class=\"elementor-section elementor-top-section elementor-element elementor-element-c8641f3 elementor-section-boxed elementor-section-height-default elementor-section-height-default\" data-id=\"c8641f3\" data-element_type=\"section\" data-settings=\"{&quot;background_background&quot;:&quot;classic&quot;}\">\n\t\t\t\t\t\t<div class=\"elementor-container elementor-column-gap-wider\">\n\t\t\t\t\t<div class=\"elementor-column elementor-col-33 elementor-top-column elementor-element elementor-element-7cb9f75\" data-id=\"7cb9f75\" data-element_type=\"column\">\n\t\t\t<div class=\"elementor-widget-wrap elementor-element-populated\">\n\t\t\t\t\t\t<div class=\"elementor-element elementor-element-91898df elementor-widget elementor-widget-text-editor\" data-id=\"91898df\" data-element_type=\"widget\" data-widget_type=\"text-editor.default\">\n\t\t\t\t<div class=\"elementor-widget-container\">\n\t\t\t\t\t\t\t\t\t<h4>Le Royal monast\u00e8re de San Lorenzo de l\u2019Escurial.<\/h4>\n(Cette visite peut se faire aussi bien en demie journ\u00e9e ou en journ\u00e9e compl\u00e8te).<br>\nPanth\u00e9on et r\u00e9sidence des rois d\u2019Espagne, impressionnant monument du XVI si\u00e8cle effectu\u00e9 pendant vingt et un ans par les architectes Juan Bautista de Toledo et surtout par Juan de Herrera qui donnera un style tr\u00e8s personnel appel\u00e9 Herreriano est qui aura une grande influence tout au long du XVII si\u00e8cle. Durant de cette visite, on voit les appartements du roi Philippe II, fondateur de la construction. On visite aussi le panth\u00e9on des rois d\u2019Espagne, les salles capitulaires actuellement un v\u00e9ritable mus\u00e9e de peinture, le cloitre du monast\u00e8re, la basilique\u2026 Monument qui appartient au Patrimoine de l\u2019humanit\u00e9. Visite incontournable si vous disposez de plusieurs jours \u00e0 Madrid. Situ\u00e9 \u00e0 50 kms de Madrid.\t\t\t\t\t\t\t\t<\/div>\n\t\t\t\t<\/div>\n\t\t\t\t\t<\/div>\n\t\t<\/div>\n\t\t\t\t<div class=\"elementor-column elementor-col-33 elementor-top-column elementor-element elementor-element-f1797ed\" data-id=\"f1797ed\" data-element_type=\"column\">\n\t\t\t<div class=\"elementor-widget-wrap elementor-element-populated\">\n\t\t\t\t\t\t<div class=\"elementor-element elementor-element-51848b9 elementor-widget elementor-widget-text-editor\" data-id=\"51848b9\" data-element_type=\"widget\" data-widget_type=\"text-editor.default\">\n\t\t\t\t<div class=\"elementor-widget-container\">\n\t\t\t\t\t\t\t\t\t<h4>Aranjuez.<\/h4>\n(Cette visite peut se faire aussi bien en demie journ\u00e9e ou en journ\u00e9e compl\u00e8te).<br>\nVille dont l\u2019histoire tourne autour de la construction du palais royal, une des nombreuses r\u00e9sidences de la famille royale qui se trouve l\u2019\u00e2pre plateau castillan, Aranjuez appara\u00eet comme un oasis avec ses frondaisons et ses avenues entourant les palais. Surtout \u00e0 voir le palais royal avec ses salles comme la salle du tr\u00f4ne, le fumoir de style moresque, la salle de porcelaine, la salle de bal\u2026 Voir aussi ses jardins, le Parterre, le jardin de la Isla\u2026\u00a0\u00a0 Le lieu et les jardins appartiennent au Patrimoine de l\u2019humanit\u00e9. Situ\u00e9e \u00e0 47 kms de Madrid.\t\t\t\t\t\t\t\t<\/div>\n\t\t\t\t<\/div>\n\t\t\t\t\t<\/div>\n\t\t<\/div>\n\t\t\t\t<div class=\"elementor-column elementor-col-33 elementor-top-column elementor-element elementor-element-7e7b793\" data-id=\"7e7b793\" data-element_type=\"column\">\n\t\t\t<div class=\"elementor-widget-wrap elementor-element-populated\">\n\t\t\t\t\t\t<div class=\"elementor-element elementor-element-32dcadf elementor-widget elementor-widget-text-editor\" data-id=\"32dcadf\" data-element_type=\"widget\" data-widget_type=\"text-editor.default\">\n\t\t\t\t<div class=\"elementor-widget-container\">\n\t\t\t\t\t\t\t\t\t<h4>Tol\u00e8de<\/h4>\n(Visite seulement en journ\u00e9e compl\u00e8te).<\/br>\nUne authentique ville mus\u00e9e situ\u00e9e au sommet d\u2019une colline granitique cern\u00e9 par le Tage. Ville remplis d\u2019histoire, qui commence \u00e0 la p\u00e9riode romaine, qui suit durant les p\u00e9riodes Visigotique, Musulmane, chr\u00e9tienne et moderne. Consid\u00e9r\u00e9 la capitale des trois culture (chr\u00e9tiens, juif et musulman) durant la p\u00e9riode m\u00e9di\u00e9vale et qui deviendra ensuite la capitale de l\u2019empire espagnol durant le r\u00e8gne de Carlos V au XVI si\u00e8cle. La ville du fameux peintre \u00ab el Greco \u00ab\u00a0que on peut voir ses \u0153uvres \u00e0 l\u2019\u00e9glise Santo Tom\u00e9 (l\u2019enterrement du Comte d\u2019orgaz ) , dans le mus\u00e9e Greco, aussi dans la magnifique et probablement la plus riche cath\u00e9drale d\u2019Espagne. Sans oublier de visiter l\u2019une de ses deux anciennes synagogues, l\u2019ancienne mosqu\u00e9e du Cristo de la Luz, le monast\u00e8re de San Juan de los Reyes fond\u00e9 par les rois catholiques Isabel et Ferdinand. Fait partie du Patrimoine de l\u2019UNESCO. Visite incontournable si vous disposez de plusieurs jours \u00e0 Madrid. Situ\u00e9e \u00e0 70 kms de Madrid.\t\t\t\t\t\t\t\t<\/div>\n\t\t\t\t<\/div>\n\t\t\t\t\t<\/div>\n\t\t<\/div>\n\t\t\t\t\t<\/div>\n\t\t<\/section>\n\t\t\t\t<section class=\"elementor-section elementor-top-section elementor-element elementor-element-0ba508d elementor-section-boxed elementor-section-height-default elementor-section-height-default\" data-id=\"0ba508d\" data-element_type=\"section\" data-settings=\"{&quot;background_background&quot;:&quot;classic&quot;}\">\n\t\t\t\t\t\t<div class=\"elementor-container elementor-column-gap-wider\">\n\t\t\t\t\t<div class=\"elementor-column elementor-col-33 elementor-top-column elementor-element elementor-element-0719970\" data-id=\"0719970\" data-element_type=\"column\">\n\t\t\t<div class=\"elementor-widget-wrap elementor-element-populated\">\n\t\t\t\t\t\t<div class=\"elementor-element elementor-element-7092a95 elementor-widget elementor-widget-text-editor\" data-id=\"7092a95\" data-element_type=\"widget\" data-widget_type=\"text-editor.default\">\n\t\t\t\t<div class=\"elementor-widget-container\">\n\t\t\t\t\t\t\t\t\t<h4>Alcal\u00e1 de Henares.<\/h4>\n(Cette visite peut se faire aussi bien en demie journ\u00e9e ou en journ\u00e9e compl\u00e8te).<br>\nSous les Romains, ce fut une importante cit\u00e9 du nom de Complutum, mais l\u2019histoire d\u2019Alcala fut surtout li\u00e9e \u00e0 son universit\u00e9 cr\u00e9e en 1498 par le cardinal Cisnero, dont la fa\u00e7ade est un des chefs d\u2019\u0153uvres du style original espagnol appel\u00e9 le Plateresque. La ville natale de Cervant\u00e8s o\u00f9 on peut voir sa maison natale. La ville m\u00e9rite \u00e9galement une visite la cath\u00e9dral Magistral, le palacio Arzobispal, la rue mayor et la place de Cervant\u00e8s. En 1998 l\u2019universit\u00e9 et\u00a0 l\u2019enceinte historique furent toutes les deux inscrites au Patrimoine de l\u2019UNESCO. La ville se trouve \u00e0 30 kms de Madrid\t\t\t\t\t\t\t\t<\/div>\n\t\t\t\t<\/div>\n\t\t\t\t\t<\/div>\n\t\t<\/div>\n\t\t\t\t<div class=\"elementor-column elementor-col-33 elementor-top-column elementor-element elementor-element-0276c49\" data-id=\"0276c49\" data-element_type=\"column\">\n\t\t\t<div class=\"elementor-widget-wrap elementor-element-populated\">\n\t\t\t\t\t\t<div class=\"elementor-element elementor-element-1ca5a09 elementor-widget elementor-widget-text-editor\" data-id=\"1ca5a09\" data-element_type=\"widget\" data-widget_type=\"text-editor.default\">\n\t\t\t\t<div class=\"elementor-widget-container\">\n\t\t\t\t\t\t\t\t\t<h4>S\u00e9govie.<\/h4>(Visite seulement en journ\u00e9e compl\u00e8te).<\/br>\nVille d\u2019origine Celte, \u00e0 l\u2019\u00e9poque romaine fut un poste militaire d\u2019envergure, \u00e0 la p\u00e9riode m\u00e9di\u00e9val fut un important centre \u00e9conomique et politique qui joua un r\u00f4le d\u00e9cisif dans l\u2019histoire de Castille. S\u00e9govie est r\u00e9put\u00e9e pour ses \u00e9glises romanes, son aqueduc romain construit fin du I si\u00e8cle, son Alcazar du XIII si\u00e8cle perch\u00e9 sur un rocher qui domine la vall\u00e9e, sa cath\u00e9drale du XVI si\u00e8cle la derni\u00e8re construite dans le style gothique, sa place Mayor et sans oubliez de d\u00e9guster dans un des nombreux restaurants de la ville son fameux cochon au lait grill\u00e9 au four. Ville qui appartient au Patrimoine de l\u2019humanit\u00e9. La ville se trouve dans la r\u00e9gion de Castilla y Le\u00f3n \u00e0 80 kms de Madrid.\t\t\t\t\t\t\t\t<\/div>\n\t\t\t\t<\/div>\n\t\t\t\t\t<\/div>\n\t\t<\/div>\n\t\t\t\t<div class=\"elementor-column elementor-col-33 elementor-top-column elementor-element elementor-element-4a9532b\" data-id=\"4a9532b\" data-element_type=\"column\">\n\t\t\t<div class=\"elementor-widget-wrap elementor-element-populated\">\n\t\t\t\t\t\t<div class=\"elementor-element elementor-element-047f70a elementor-widget elementor-widget-text-editor\" data-id=\"047f70a\" data-element_type=\"widget\" data-widget_type=\"text-editor.default\">\n\t\t\t\t<div class=\"elementor-widget-container\">\n\t\t\t\t\t\t\t\t\t<h4>Avila<\/h4>(Visite seulement en journ\u00e9e compl\u00e8te).<\/br>\nVille d\u2019origine celtib\u00e8re los Vetones, IV si\u00e8cle av J.-C. Perch\u00e9e \u00e0 1157 m sur les hauts plateaux de la meseta de Castilla et Le\u00f3n. Patrie de sainte Th\u00e9r\u00e8se qui a marqu\u00e9 par sa forte personnalit\u00e9 la ville. Ville de palais du XV et XVI si\u00e8cle, entour\u00e9 par les remparts de plus de 2 kms construit \u00e0 la fin du XI si\u00e8cle, un des meilleurs exemples de fortification m\u00e9di\u00e9vale en Europe. A ne pas manquer de visiter la premi\u00e8re cath\u00e9drale construite dans le style gothique au XIII si\u00e8cle, la basilique romane de Saint Vicente, ses deux places de la ville\u2026 Situ\u00e9e \u00e0 115 kms de Madrid. Ville qui appartient au Patrimoine de l\u2019humanit\u00e9.\t\t\t\t\t\t\t\t<\/div>\n\t\t\t\t<\/div>\n\t\t\t\t\t<\/div>\n\t\t<\/div>\n\t\t\t\t\t<\/div>\n\t\t<\/section>\n\t\t\t\t<\/div>\n\t\t","protected":false},"excerpt":{"rendered":"<p>Visites ou excursions en dehors de la ville Visite d\u2019une demi-journ\u00e9e. Aller et retour dans la matin\u00e9e (5 heures maximum). Ou bien une visite d\u2019une journ\u00e9e compl\u00e8te (8 heures maximum). Dans le cadre de ces excursions, je vous aide et je vous informe de comment proc\u00e9der pour aller. Le Royal monast\u00e8re de San Lorenzo de&hellip;<\/p>\n","protected":false},"author":1,"featured_media":0,"parent":0,"menu_order":15,"comment_status":"closed","ping_status":"closed","template":"elementor_header_footer","meta":{"_joinchat":[],"footnotes":""},"class_list":["post-8102","page","type-page","status-publish","hentry"],"_links":{"self":[{"href":"https:\/\/guideamadrid.com\/fr\/wp-json\/wp\/v2\/pages\/8102","targetHints":{"allow":["GET"]}}],"collection":[{"href":"https:\/\/guideamadrid.com\/fr\/wp-json\/wp\/v2\/pages"}],"about":[{"href":"https:\/\/guideamadrid.com\/fr\/wp-json\/wp\/v2\/types\/page"}],"author":[{"embeddable":true,"href":"https:\/\/guideamadrid.com\/fr\/wp-json\/wp\/v2\/users\/1"}],"replies":[{"embeddable":true,"href":"https:\/\/guideamadrid.com\/fr\/wp-json\/wp\/v2\/comments?post=8102"}],"version-history":[{"count":10,"href":"https:\/\/guideamadrid.com\/fr\/wp-json\/wp\/v2\/pages\/8102\/revisions"}],"predecessor-version":[{"id":8623,"href":"https:\/\/guideamadrid.com\/fr\/wp-json\/wp\/v2\/pages\/8102\/revisions\/8623"}],"wp:attachment":[{"href":"https:\/\/guideamadrid.com\/fr\/wp-json\/wp\/v2\/media?parent=8102"}],"curies":[{"name":"wp","href":"https:\/\/api.w.org\/{rel}","templated":true}]}}