{"id":8127,"date":"2022-11-04T13:08:39","date_gmt":"2022-11-04T11:08:39","guid":{"rendered":"http:\/\/guideamadrid.com\/?page_id=8127"},"modified":"2026-03-23T08:57:32","modified_gmt":"2026-03-23T06:57:32","slug":"visites-a-pied","status":"publish","type":"page","link":"https:\/\/guideamadrid.com\/fr\/visite-dans-la-ville\/visites-a-pied\/","title":{"rendered":"Visites \u00e0 pied"},"content":{"rendered":"\t\t<div data-elementor-type=\"wp-page\" data-elementor-id=\"8127\" class=\"elementor elementor-8127\" data-elementor-post-type=\"page\">\n\t\t\t\t\t\t<section class=\"elementor-section elementor-top-section elementor-element elementor-element-83674ff elementor-reverse-tablet elementor-reverse-mobile elementor-section-height-min-height elementor-section-boxed elementor-section-height-default elementor-section-items-middle\" data-id=\"83674ff\" data-element_type=\"section\" data-settings=\"{&quot;background_background&quot;:&quot;classic&quot;}\">\n\t\t\t\t\t\t\t<div class=\"elementor-background-overlay\"><\/div>\n\t\t\t\t\t\t\t<div class=\"elementor-container elementor-column-gap-wider\">\n\t\t\t\t\t<div class=\"elementor-column elementor-col-100 elementor-top-column elementor-element elementor-element-5e1d616\" data-id=\"5e1d616\" data-element_type=\"column\">\n\t\t\t<div class=\"elementor-widget-wrap elementor-element-populated\">\n\t\t\t\t\t\t<div class=\"elementor-element elementor-element-7497314 elementor-widget elementor-widget-heading\" data-id=\"7497314\" data-element_type=\"widget\" data-widget_type=\"heading.default\">\n\t\t\t\t<div class=\"elementor-widget-container\">\n\t\t\t\t\t<h2 class=\"elementor-heading-title elementor-size-default\">Visites \u00e0 pied<\/h2>\t\t\t\t<\/div>\n\t\t\t\t<\/div>\n\t\t\t\t<div class=\"elementor-element elementor-element-38c295b elementor-widget elementor-widget-spacer\" data-id=\"38c295b\" data-element_type=\"widget\" data-widget_type=\"spacer.default\">\n\t\t\t\t<div class=\"elementor-widget-container\">\n\t\t\t\t\t\t\t<div class=\"elementor-spacer\">\n\t\t\t<div class=\"elementor-spacer-inner\"><\/div>\n\t\t<\/div>\n\t\t\t\t\t\t<\/div>\n\t\t\t\t<\/div>\n\t\t\t\t<div class=\"elementor-element elementor-element-8088db6 elementor-widget elementor-widget-spacer\" data-id=\"8088db6\" data-element_type=\"widget\" data-widget_type=\"spacer.default\">\n\t\t\t\t<div class=\"elementor-widget-container\">\n\t\t\t\t\t\t\t<div class=\"elementor-spacer\">\n\t\t\t<div class=\"elementor-spacer-inner\"><\/div>\n\t\t<\/div>\n\t\t\t\t\t\t<\/div>\n\t\t\t\t<\/div>\n\t\t\t\t<div class=\"elementor-element elementor-element-89e6a78 elementor-widget elementor-widget-text-editor\" data-id=\"89e6a78\" data-element_type=\"widget\" data-widget_type=\"text-editor.default\">\n\t\t\t\t<div class=\"elementor-widget-container\">\n\t\t\t\t\t\t\t\t\t<p>(Visite d\u00b4environ de deux heures)<\/p>\t\t\t\t\t\t\t\t<\/div>\n\t\t\t\t<\/div>\n\t\t\t\t\t<\/div>\n\t\t<\/div>\n\t\t\t\t\t<\/div>\n\t\t<\/section>\n\t\t\t\t<section class=\"elementor-section elementor-top-section elementor-element elementor-element-5ec7eeb elementor-section-boxed elementor-section-height-default elementor-section-height-default\" data-id=\"5ec7eeb\" data-element_type=\"section\" data-settings=\"{&quot;background_background&quot;:&quot;classic&quot;}\">\n\t\t\t\t\t\t<div class=\"elementor-container elementor-column-gap-wider\">\n\t\t\t\t\t<div class=\"elementor-column elementor-col-100 elementor-top-column elementor-element elementor-element-f8cfd57\" data-id=\"f8cfd57\" data-element_type=\"column\">\n\t\t\t<div class=\"elementor-widget-wrap elementor-element-populated\">\n\t\t\t\t\t\t<div class=\"elementor-element elementor-element-0a50e3f elementor-widget elementor-widget-text-editor\" data-id=\"0a50e3f\" data-element_type=\"widget\" data-widget_type=\"text-editor.default\">\n\t\t\t\t<div class=\"elementor-widget-container\">\n\t\t\t\t\t\t\t\t\t<ul>\n \t<li><b class=\"\">Visite \u00a0\u00bb paysage de la lumi\u00e8re\u00a0\u00bb<\/b>. Le 25 Juliet 2021 Madrid a \u00e9t\u00e9 nomm\u00e9 et fait partie du \u00a0\u00bb Patrimoine Mondial \u00ab\u00a0. Une surface qui comprend 200 ha , essentiellement le Madrid des Bourbon et le parc du Retiro . Qui permet de faire une vari\u00e9t\u00e9 de visites de tout genre , histoire de cette partie la ville et de ses monuments , la litt\u00e9rature et le th\u00e9\u00e2tre du si\u00e8cle d &lsquo;Or, l&rsquo;architecture moderne ( \u00e0 travers les mus\u00e9es qui se trouve dans cette zone, Thyssen , Prado , Reina Sofia , Caixa Forum \u2026sans oublier la gare de Atocha), histoire des h\u00f4pitaux, et surtout \u00ab\u00a0la premi\u00e8re Alameda urbaine cr\u00e9e au XVI si\u00e8cle \u00a0\u00bb (promenade long\u00e9e de peuplier ). Visite in\u00e9dite et exclusive .<\/li>\n \t<li><strong>Le vieux Madrid historique ou aussi appel\u00e9 le Madrid des Habsbourg.<\/strong> Au cour de cette visite nous parcourons, non seulement ses rue remplis d\u2019histoire , sinon aussi les places historiques comme celles de la Puerta del Sol , de la place Mayor , de la Villa , de Isabel II, de Oriente\u2026 les ext\u00e9rieurs des monast\u00e8re de las Descalzas Reales, de la Encarnacion ,de las Carboneras\u2026 le Palais royal, la cath\u00e9dral, l\u2019Op\u00e9ra , le march\u00e9 de Saint Michel (Miguel)\u2026 bref l\u2019essentiel du vieux Madrid qui nous donne l\u2019occasion de conna\u00eetre l\u2019histoire de Madrid et du pourquoi elle est devenue la capital du pays.<\/li>\n \t<li><strong>Le Madrid des Bourbon<\/strong>. Visite qui commence \u00e0 la limite entre le vieux Madrid et le Madrid des Bourbon \u00e0 la place de la Puerta del Sol . Quartier \u00e9l\u00e9gant et r\u00e9sidentiel, avec ses rues et avenue verdoyantes bord\u00e9es d\u2019int\u00e9ressants immeubles au long de l\u2019avenue de Alcala et de l avenue de la promenade du Prado, les place de Cibeles, de Neptune , Apolo\u2026 Un authentique changement du point du vue de l\u2019urbanisation de la ville, qui montre parfaitement la transformation due \u00e0 la mentalit\u00e9 de cette nouvelle Dynastie.<\/li>\n \t<li><strong>Le quartier litt\u00e9raire<\/strong>. Ce quartier litt\u00e9raire s\u2019organise autour de la place de Santa Ana, ancien faubourg \u00a0du XV si\u00e8cle et quartier boh\u00e8me de l\u2019\u00e9poque de Cervant\u00e8s, de Lope de Vega, de\u00a0Quevedo\u2026 \u00e9crivains qui correspondent au si\u00e8cle d\u2019Or de la litt\u00e9rature espagnole du XVII si\u00e8cle, cette visite nous permettra en outre de d\u00e9couvrir l\u2019histoire et de l\u2019origine du\u00a0Th\u00e9\u00e2tre espagnol. La maison de Lope de Vega, le monast\u00e8re o\u00f9 se trouve enterr\u00e9 Cervantes, ses diff\u00e9rentes r\u00e9sidences.<\/li>\n \t<li><b class=\"\">Visite des quartiers de Chueca et de Malasa\u00f1a<\/b>. Deux anciens faubourg du XVI si\u00e8cle qui font partie aussi de notre r\u00e9cente histoire moderne de Madrid.\u00a0\u00a0Actuellement \u00a0ils sont consid\u00e9r\u00e9s comme les quartiers branch\u00e9s de Madrid , plein de vie et d&rsquo;ambiance ; par exemple le quartier de Chueca un des hauts lieux de la vie nocturne madril\u00e8ne appr\u00e9ci\u00e9 notamment par la communaut\u00e9 homosexuelle. , le quartier de Malasa\u00f1a nous \u00e9voquera \u00a0cette fameuse \u00a0\u00bb Movida des ann\u00e9es 80 \u00ab\u00a0et la passionnante p\u00e9riode de transition \u00e0 la d\u00e9mocratie \u00a0\u00bb La Transition\u00a0\u00bb truff\u00e9 de d\u00e9tails ignor\u00e9 du grand public, \u00a0bref une visite qui m\u00e9lange, lieux historiques, l\u00e9gendes et actualit\u00e9 ,\u00a0la maison des sept chemin\u00e9es (un rare \u00e9difice du XVI intact dans un des faubourgs de Madrid), l\u2019\u00e9glise de las Salesas Reales, le Palais de Longoria (un monument du style Gaudi ou Moderniste ) , l&rsquo;ancien hospice actuel mus\u00e9e de la ville.<\/li>\n\n<\/ul>\t\t\t\t\t\t\t\t<\/div>\n\t\t\t\t<\/div>\n\t\t\t\t\t<\/div>\n\t\t<\/div>\n\t\t\t\t\t<\/div>\n\t\t<\/section>\n\t\t\t\t<section class=\"elementor-section elementor-top-section elementor-element elementor-element-926f933 elementor-section-boxed elementor-section-height-default elementor-section-height-default\" data-id=\"926f933\" data-element_type=\"section\" data-settings=\"{&quot;background_background&quot;:&quot;classic&quot;}\">\n\t\t\t\t\t\t<div class=\"elementor-container elementor-column-gap-wider\">\n\t\t\t\t\t<div class=\"elementor-column elementor-col-100 elementor-top-column elementor-element elementor-element-153d825\" data-id=\"153d825\" data-element_type=\"column\">\n\t\t\t<div class=\"elementor-widget-wrap elementor-element-populated\">\n\t\t\t\t\t\t<div class=\"elementor-element elementor-element-52b7be0 elementor-pagination-position-inside elementor-arrows-position-inside elementor-widget elementor-widget-image-carousel\" data-id=\"52b7be0\" data-element_type=\"widget\" data-settings=\"{&quot;slides_to_show&quot;:&quot;3&quot;,&quot;navigation&quot;:&quot;both&quot;,&quot;autoplay&quot;:&quot;yes&quot;,&quot;pause_on_hover&quot;:&quot;yes&quot;,&quot;pause_on_interaction&quot;:&quot;yes&quot;,&quot;autoplay_speed&quot;:5000,&quot;infinite&quot;:&quot;yes&quot;,&quot;speed&quot;:500}\" data-widget_type=\"image-carousel.default\">\n\t\t\t\t<div class=\"elementor-widget-container\">\n\t\t\t\t\t\t\t<div class=\"elementor-image-carousel-wrapper swiper\" role=\"region\" aria-roledescription=\"carousel\" aria-label=\"Image Carousel\" dir=\"ltr\">\n\t\t\t<div class=\"elementor-image-carousel swiper-wrapper\" aria-live=\"off\">\n\t\t\t\t\t\t\t\t<div class=\"swiper-slide\" role=\"group\" aria-roledescription=\"slide\" aria-label=\"1 sur 7\"><figure class=\"swiper-slide-inner\"><img decoding=\"async\" class=\"swiper-slide-image\" src=\"https:\/\/guideamadrid.com\/wp-content\/uploads\/2022\/11\/Gran-Via.jpg\" alt=\"Gran V\u00eda\" \/><\/figure><\/div><div class=\"swiper-slide\" role=\"group\" aria-roledescription=\"slide\" aria-label=\"2 sur 7\"><figure class=\"swiper-slide-inner\"><img decoding=\"async\" class=\"swiper-slide-image\" src=\"https:\/\/guideamadrid.com\/wp-content\/uploads\/2022\/11\/Palacio-de-cristal.jpg\" alt=\"Palacio de cristal\" \/><\/figure><\/div><div class=\"swiper-slide\" role=\"group\" aria-roledescription=\"slide\" aria-label=\"3 sur 7\"><figure class=\"swiper-slide-inner\"><img decoding=\"async\" class=\"swiper-slide-image\" src=\"https:\/\/guideamadrid.com\/wp-content\/uploads\/2022\/11\/Place-Mayor.jpg\" alt=\"Place Mayor\" \/><\/figure><\/div><div class=\"swiper-slide\" role=\"group\" aria-roledescription=\"slide\" aria-label=\"4 sur 7\"><figure class=\"swiper-slide-inner\"><img decoding=\"async\" class=\"swiper-slide-image\" src=\"https:\/\/guideamadrid.com\/wp-content\/uploads\/2022\/11\/Cibeles.jpg\" alt=\"Cibeles\" \/><\/figure><\/div><div class=\"swiper-slide\" role=\"group\" aria-roledescription=\"slide\" aria-label=\"5 sur 7\"><figure class=\"swiper-slide-inner\"><img decoding=\"async\" class=\"swiper-slide-image\" src=\"https:\/\/guideamadrid.com\/wp-content\/uploads\/2022\/11\/Plaza-de-Santa-Ana.jpg\" alt=\"Plaza de Santa Ana\" \/><\/figure><\/div><div class=\"swiper-slide\" role=\"group\" aria-roledescription=\"slide\" aria-label=\"6 sur 7\"><figure class=\"swiper-slide-inner\"><img decoding=\"async\" class=\"swiper-slide-image\" src=\"https:\/\/guideamadrid.com\/wp-content\/uploads\/2022\/11\/Plaza-de-Oriente.jpg\" alt=\"Plaza de Oriente\" \/><\/figure><\/div><div class=\"swiper-slide\" role=\"group\" aria-roledescription=\"slide\" aria-label=\"7 sur 7\"><figure class=\"swiper-slide-inner\"><img decoding=\"async\" class=\"swiper-slide-image\" src=\"https:\/\/guideamadrid.com\/wp-content\/uploads\/2022\/11\/Madrid-Rio.jpg\" alt=\"Madrid R\u00edo\" \/><\/figure><\/div>\t\t\t<\/div>\n\t\t\t\t\t\t\t\t\t\t\t\t<div class=\"elementor-swiper-button elementor-swiper-button-prev\" role=\"button\" tabindex=\"0\">\n\t\t\t\t\t\t<i aria-hidden=\"true\" class=\"eicon-chevron-left\"><\/i>\t\t\t\t\t<\/div>\n\t\t\t\t\t<div class=\"elementor-swiper-button elementor-swiper-button-next\" role=\"button\" tabindex=\"0\">\n\t\t\t\t\t\t<i aria-hidden=\"true\" class=\"eicon-chevron-right\"><\/i>\t\t\t\t\t<\/div>\n\t\t\t\t\n\t\t\t\t\t\t\t\t\t<div class=\"swiper-pagination\"><\/div>\n\t\t\t\t\t\t\t\t\t<\/div>\n\t\t\t\t\t\t<\/div>\n\t\t\t\t<\/div>\n\t\t\t\t<div class=\"elementor-element elementor-element-235f20c elementor-widget elementor-widget-spacer\" data-id=\"235f20c\" data-element_type=\"widget\" data-widget_type=\"spacer.default\">\n\t\t\t\t<div class=\"elementor-widget-container\">\n\t\t\t\t\t\t\t<div class=\"elementor-spacer\">\n\t\t\t<div class=\"elementor-spacer-inner\"><\/div>\n\t\t<\/div>\n\t\t\t\t\t\t<\/div>\n\t\t\t\t<\/div>\n\t\t\t\t\t<\/div>\n\t\t<\/div>\n\t\t\t\t\t<\/div>\n\t\t<\/section>\n\t\t\t\t<section class=\"elementor-section elementor-top-section elementor-element elementor-element-a5e788f elementor-section-boxed elementor-section-height-default elementor-section-height-default\" data-id=\"a5e788f\" data-element_type=\"section\" data-settings=\"{&quot;background_background&quot;:&quot;classic&quot;}\">\n\t\t\t\t\t\t<div class=\"elementor-container elementor-column-gap-wider\">\n\t\t\t\t\t<div class=\"elementor-column elementor-col-100 elementor-top-column elementor-element elementor-element-5a1a837\" data-id=\"5a1a837\" data-element_type=\"column\">\n\t\t\t<div class=\"elementor-widget-wrap elementor-element-populated\">\n\t\t\t\t\t\t<div class=\"elementor-element elementor-element-27a093f elementor-widget elementor-widget-text-editor\" data-id=\"27a093f\" data-element_type=\"widget\" data-widget_type=\"text-editor.default\">\n\t\t\t\t<div class=\"elementor-widget-container\">\n\t\t\t\t\t\t\t\t\t<ul><li><strong>Madrid Rio<\/strong>. Visite insolite de cette \u00e9tonnante nouvelle partie am\u00e9nag\u00e9e au sud de Madrid et suivant un ambitieux projet de restructuration de la M 30 (l\u2019un des p\u00e9riph\u00e9riques de Madrid) qui suit les berges de la rivi\u00e8re de Madrid (Le Manzanares) 7 kms enfouie sous terre. Et dans ce nouvel espace bois\u00e9 de plus de 30.000 arbres, nous voyons la porte de Saint Vincent, l\u2019\u00e9glise de notre Dame del Puerto (XVIII si\u00e8cle ), les ponts historiques de S\u00e9govie et de Tol\u00e8de, une magnifique vue qui donne sur la Cath\u00e9dral et le Palais royal avec son jardin, le palais de cristal de l\u2019ancien abattoir (Le Matadero), les nouveaux ponts comme celui de Dominique Perrault. Visite d\u00e9contract\u00e9e.<\/li><li><strong>Visite des \u00e9tablissements centenaires<\/strong>. (Re\u00e7u le deuxi\u00e8me prix de la meilleur visite de Madrid , de la Marie de Madrid , 2020).Dans Madrid il y a plus de 160 \u00e9tablissements centenaires, chacun poss\u00e8de une plaque de la Marie qui certifie cette reconnaissance historique. Une autre fa\u00e7on originale de d\u00e9couvrir l\u2019histoire de la ville \u00e0 travers ses commerces qui gardent un charme sp\u00e9cial, t\u00e9moins actuel du pass\u00e9. Nous parlerons des tavernes, des restaurant, des posadas, des march\u00e9s, des magasins normalement sp\u00e9cialis\u00e9s sur un produit concret<span class=\"Apple-converted-space\">\u00a0 <\/span>(p\u00e2tisserie, chocolaterie ,\u00e9ventails, cape, tapas, merceries\u2026) avec leurs histoires particuli\u00e8res, anecdotes, caract\u00e9ristiques.\u00a0Une visite tout \u00e0 fait diff\u00e9rente (qui m\u2019a fait l\u2019 honneur de recevoir le deuxi\u00e8me prix de la meilleur visite de Madrid 2020) qui permet de parler, des origines et de l\u2019histoire du commerce, les march\u00e9s, les foires, les places mayor, les guildes .<\/li><li><b class=\"\">Sur les traces de Cervantes et de Don Quixote<\/b>. Un classique sans aucun doute ! Mais une nouvelle visite originale qui nous transporte au si\u00e8cle d &lsquo;Or espagnol dans le quartier litt\u00e9raire, suivant un parcours dans lequel on aura une approche aussi bien de l&rsquo; \u00e9crivain comme son fameux livre Don Quixote . Visite originale.<\/li><li><b class=\"\">Visite de Lavapies<\/b>. Ancien\u00a0faubourg du XV si\u00e8cle , ensuite appel\u00e9 les bas quartiers au XIX si\u00e8cle et actuellement une partie de Madrid que maintient encore ce c\u00f4t\u00e9 provincial , ouvrier avec une ambiance sp\u00e9ciale. Remplis d&rsquo;histoire, et de l\u00e9gendes , et peut \u00eatre le meilleur endroit pour visiter le ph\u00e9nom\u00e8ne de \u00a0\u00bb l&rsquo;art urbain ou plus connu sous le non du le street art \u00a0\u00bb ses origines , ses vari\u00e9t\u00e9s , son \u00e9volution depuis le \u00a0\u00bb graffiti \u00a0\u00bb \u00e0 nos jours . Une fa\u00e7on de sortir l&rsquo;art des mus\u00e9es dans la rue et des galeries et de la d\u00e9mocratiser en montrant un autre aspect de l&rsquo;art. Sinc\u00e8rement une visite remplis de surprise.<\/li><li><b class=\"\">Visite du quartier Los Jer\u00f3nimos (visite in\u00e9dite et originale )<\/b>. Le quartier des los Jer\u00f3nimos , situ\u00e9 en plein c\u0153ur de Madrid , est un v\u00e9ritable havre de paix et d&rsquo;\u00e9l\u00e9gance avec une touche \u00e9litiste . Connu pour son atmosph\u00e8re paisible , il allie \u00e0 la perfection une riche patrimoine historique et une architecture raffin\u00e9e . Offrant une exp\u00e9rience de visite \u00e0 la fois rare et passionnante.<\/li><\/ul>\t\t\t\t\t\t\t\t<\/div>\n\t\t\t\t<\/div>\n\t\t\t\t\t<\/div>\n\t\t<\/div>\n\t\t\t\t\t<\/div>\n\t\t<\/section>\n\t\t\t\t<section class=\"elementor-section elementor-top-section elementor-element elementor-element-cfa106a elementor-section-boxed elementor-section-height-default elementor-section-height-default\" data-id=\"cfa106a\" data-element_type=\"section\" data-settings=\"{&quot;background_background&quot;:&quot;classic&quot;}\">\n\t\t\t\t\t\t<div class=\"elementor-container elementor-column-gap-wider\">\n\t\t\t\t\t<div class=\"elementor-column elementor-col-100 elementor-top-column elementor-element elementor-element-5606351\" data-id=\"5606351\" data-element_type=\"column\">\n\t\t\t<div class=\"elementor-widget-wrap elementor-element-populated\">\n\t\t\t\t\t\t<div class=\"elementor-element elementor-element-a838f3d elementor-pagination-position-inside elementor-arrows-position-inside elementor-widget elementor-widget-image-carousel\" data-id=\"a838f3d\" data-element_type=\"widget\" data-settings=\"{&quot;slides_to_show&quot;:&quot;3&quot;,&quot;navigation&quot;:&quot;both&quot;,&quot;autoplay&quot;:&quot;yes&quot;,&quot;pause_on_hover&quot;:&quot;yes&quot;,&quot;pause_on_interaction&quot;:&quot;yes&quot;,&quot;autoplay_speed&quot;:5000,&quot;infinite&quot;:&quot;yes&quot;,&quot;speed&quot;:500}\" data-widget_type=\"image-carousel.default\">\n\t\t\t\t<div class=\"elementor-widget-container\">\n\t\t\t\t\t\t\t<div class=\"elementor-image-carousel-wrapper swiper\" role=\"region\" aria-roledescription=\"carousel\" aria-label=\"Image Carousel\" dir=\"ltr\">\n\t\t\t<div class=\"elementor-image-carousel swiper-wrapper\" aria-live=\"off\">\n\t\t\t\t\t\t\t\t<div class=\"swiper-slide\" role=\"group\" aria-roledescription=\"slide\" aria-label=\"1 sur 6\"><figure class=\"swiper-slide-inner\"><img decoding=\"async\" class=\"swiper-slide-image\" src=\"https:\/\/guideamadrid.com\/wp-content\/uploads\/2023\/02\/Sur-les-traces-de-Cervantes-et-de-Don-Quixote.jpg\" alt=\"Sur-les-traces-de-Cervantes-et-de-Don-Quixote\" \/><\/figure><\/div><div class=\"swiper-slide\" role=\"group\" aria-roledescription=\"slide\" aria-label=\"2 sur 6\"><figure class=\"swiper-slide-inner\"><img decoding=\"async\" class=\"swiper-slide-image\" src=\"https:\/\/guideamadrid.com\/wp-content\/uploads\/2022\/11\/Prix-de-la-meilleur-visite-de-Madrid-2-1.jpg\" alt=\"Prix-de-la-meilleur-visite-de-Madrid-2\" \/><\/figure><\/div><div class=\"swiper-slide\" role=\"group\" aria-roledescription=\"slide\" aria-label=\"3 sur 6\"><figure class=\"swiper-slide-inner\"><img decoding=\"async\" class=\"swiper-slide-image\" src=\"https:\/\/guideamadrid.com\/wp-content\/uploads\/2022\/11\/Prix-de-la-meilleur-visite-de-Madrid-1.jpg\" alt=\"Prix-de-la-meilleur-visite-de-Madrid\" \/><\/figure><\/div><div class=\"swiper-slide\" role=\"group\" aria-roledescription=\"slide\" aria-label=\"4 sur 6\"><figure class=\"swiper-slide-inner\"><img decoding=\"async\" class=\"swiper-slide-image\" src=\"https:\/\/guideamadrid.com\/wp-content\/uploads\/2022\/11\/Visite-des-etablissements-centenaires-3-1.jpg\" alt=\"Visite-des-\u00e9tablissements-centenaires-3\" \/><\/figure><\/div><div class=\"swiper-slide\" role=\"group\" aria-roledescription=\"slide\" aria-label=\"5 sur 6\"><figure class=\"swiper-slide-inner\"><img decoding=\"async\" class=\"swiper-slide-image\" src=\"https:\/\/guideamadrid.com\/wp-content\/uploads\/2022\/11\/Visite-des-etablissements-centenaires-2-1.jpg\" alt=\"Visite-des-\u00e9tablissements-centenaires-2\" \/><\/figure><\/div><div class=\"swiper-slide\" role=\"group\" aria-roledescription=\"slide\" aria-label=\"6 sur 6\"><figure class=\"swiper-slide-inner\"><img decoding=\"async\" class=\"swiper-slide-image\" src=\"https:\/\/guideamadrid.com\/wp-content\/uploads\/2022\/11\/Visite-des-etablissements-centenaires-1.jpg\" alt=\"Visite-des-\u00e9tablissements-centenaires\" \/><\/figure><\/div>\t\t\t<\/div>\n\t\t\t\t\t\t\t\t\t\t\t\t<div class=\"elementor-swiper-button elementor-swiper-button-prev\" role=\"button\" tabindex=\"0\">\n\t\t\t\t\t\t<i aria-hidden=\"true\" class=\"eicon-chevron-left\"><\/i>\t\t\t\t\t<\/div>\n\t\t\t\t\t<div class=\"elementor-swiper-button elementor-swiper-button-next\" role=\"button\" tabindex=\"0\">\n\t\t\t\t\t\t<i aria-hidden=\"true\" class=\"eicon-chevron-right\"><\/i>\t\t\t\t\t<\/div>\n\t\t\t\t\n\t\t\t\t\t\t\t\t\t<div class=\"swiper-pagination\"><\/div>\n\t\t\t\t\t\t\t\t\t<\/div>\n\t\t\t\t\t\t<\/div>\n\t\t\t\t<\/div>\n\t\t\t\t<div class=\"elementor-element elementor-element-c581be6 elementor-widget elementor-widget-spacer\" data-id=\"c581be6\" data-element_type=\"widget\" data-widget_type=\"spacer.default\">\n\t\t\t\t<div class=\"elementor-widget-container\">\n\t\t\t\t\t\t\t<div class=\"elementor-spacer\">\n\t\t\t<div class=\"elementor-spacer-inner\"><\/div>\n\t\t<\/div>\n\t\t\t\t\t\t<\/div>\n\t\t\t\t<\/div>\n\t\t\t\t\t<\/div>\n\t\t<\/div>\n\t\t\t\t\t<\/div>\n\t\t<\/section>\n\t\t\t\t<\/div>\n\t\t","protected":false},"excerpt":{"rendered":"<p>Visites \u00e0 pied (Visite d\u00b4environ de deux heures) Visite \u00a0\u00bb paysage de la lumi\u00e8re\u00a0\u00bb. Le 25 Juliet 2021 Madrid a \u00e9t\u00e9 nomm\u00e9 et fait partie du \u00a0\u00bb Patrimoine Mondial \u00ab\u00a0. Une surface qui comprend 200 ha , essentiellement le Madrid des Bourbon et le parc du Retiro . Qui permet de faire une vari\u00e9t\u00e9 de&hellip;<\/p>\n","protected":false},"author":1,"featured_media":0,"parent":8069,"menu_order":15,"comment_status":"closed","ping_status":"closed","template":"elementor_header_footer","meta":{"_joinchat":[],"footnotes":""},"class_list":["post-8127","page","type-page","status-publish","hentry"],"_links":{"self":[{"href":"https:\/\/guideamadrid.com\/fr\/wp-json\/wp\/v2\/pages\/8127","targetHints":{"allow":["GET"]}}],"collection":[{"href":"https:\/\/guideamadrid.com\/fr\/wp-json\/wp\/v2\/pages"}],"about":[{"href":"https:\/\/guideamadrid.com\/fr\/wp-json\/wp\/v2\/types\/page"}],"author":[{"embeddable":true,"href":"https:\/\/guideamadrid.com\/fr\/wp-json\/wp\/v2\/users\/1"}],"replies":[{"embeddable":true,"href":"https:\/\/guideamadrid.com\/fr\/wp-json\/wp\/v2\/comments?post=8127"}],"version-history":[{"count":22,"href":"https:\/\/guideamadrid.com\/fr\/wp-json\/wp\/v2\/pages\/8127\/revisions"}],"predecessor-version":[{"id":8698,"href":"https:\/\/guideamadrid.com\/fr\/wp-json\/wp\/v2\/pages\/8127\/revisions\/8698"}],"up":[{"embeddable":true,"href":"https:\/\/guideamadrid.com\/fr\/wp-json\/wp\/v2\/pages\/8069"}],"wp:attachment":[{"href":"https:\/\/guideamadrid.com\/fr\/wp-json\/wp\/v2\/media?parent=8127"}],"curies":[{"name":"wp","href":"https:\/\/api.w.org\/{rel}","templated":true}]}}